{"id":65,"date":"2018-12-28T12:33:01","date_gmt":"2018-12-28T12:33:01","guid":{"rendered":"http:\/\/neu.blasorchester-meckenheim.de\/?page_id=65"},"modified":"2026-01-30T17:39:10","modified_gmt":"2026-01-30T17:39:10","slug":"termine","status":"publish","type":"page","link":"https:\/\/www.blasorchester-meckenheim.de\/?page_id=65","title":{"rendered":"Termine 2026"},"content":{"rendered":"\n<div class=\"wp-block-columns is-layout-flex wp-container-2\">\n<div class=\"wp-block-column is-layout-flow\" style=\"flex-basis:100%\">\n<figure class=\"wp-block-table aligncenter is-style-stripes has-small-font-size\"><table><thead><tr><th class=\"has-text-align-center\" data-align=\"center\"><strong>Datum<\/strong> <\/th><th class=\"has-text-align-center\" data-align=\"center\"><strong>Zeit  <\/strong>  <\/th><th class=\"has-text-align-left\" data-align=\"left\"><strong>Veranstaltung<\/strong><\/th><th class=\"has-text-align-left\" data-align=\"left\"><strong>Ort<\/strong><\/th><\/tr><\/thead><tbody><tr><td class=\"has-text-align-center\" data-align=\"center\">01.05.<\/td><td class=\"has-text-align-center\" data-align=\"center\">11:00<\/td><td class=\"has-text-align-left\" data-align=\"left\">Fr\u00fchschoppenkonzert beim <br>Jubil\u00e4um der FW Meckenheim<\/td><td class=\"has-text-align-left\" data-align=\"left\">Flakhalle<\/td><\/tr><tr><td class=\"has-text-align-center\" data-align=\"center\">10.05.<\/td><td class=\"has-text-align-center\" data-align=\"center\"><\/td><td class=\"has-text-align-left\" data-align=\"left\">Teilnahme am Jubil\u00e4umsumzug<br>des kath. Musikvereins Hochdorf<\/td><td class=\"has-text-align-left\" data-align=\"left\"><\/td><\/tr><tr><td class=\"has-text-align-center\" data-align=\"center\">29.05. &#8211; 01.06.<\/td><td class=\"has-text-align-center\" data-align=\"center\"><\/td><td class=\"has-text-align-left\" data-align=\"left\">G\u00e4sselkerwe<\/td><td class=\"has-text-align-left\" data-align=\"left\">Weingut Braun<\/td><\/tr><tr><td class=\"has-text-align-center\" data-align=\"center\">31.05.<\/td><td class=\"has-text-align-center\" data-align=\"center\">11:30<\/td><td class=\"has-text-align-left\" data-align=\"left\">Fr\u00fchschoppenkonzert<\/td><td class=\"has-text-align-left\" data-align=\"left\">Weingut Braun<\/td><\/tr><tr><td class=\"has-text-align-center\" data-align=\"center\">06.09.<\/td><td class=\"has-text-align-center\" data-align=\"center\">11:30<\/td><td class=\"has-text-align-left\" data-align=\"left\">Weingut Braun<\/td><td class=\"has-text-align-left\" data-align=\"left\">Sportplatz<\/td><\/tr><tr><td class=\"has-text-align-center\" data-align=\"center\">12.09. &#8211; 13.09.<\/td><td class=\"has-text-align-center\" data-align=\"center\"><\/td><td class=\"has-text-align-left\" data-align=\"left\">Herbstausschank<\/td><td class=\"has-text-align-left\" data-align=\"left\">Weingut Braun<\/td><\/tr><tr><td class=\"has-text-align-center\" data-align=\"center\">13.09.<\/td><td class=\"has-text-align-center\" data-align=\"center\">11:30<\/td><td class=\"has-text-align-left\" data-align=\"left\">Fr\u00fchschoppenkonzert<\/td><td class=\"has-text-align-left\" data-align=\"left\">Weingut Braun<\/td><\/tr><tr><td class=\"has-text-align-center\" data-align=\"center\">11.11.<\/td><td class=\"has-text-align-center\" data-align=\"center\">18:00<\/td><td class=\"has-text-align-left\" data-align=\"left\">St. Martin Umzug<\/td><td class=\"has-text-align-left\" data-align=\"left\">Feuerwehr Meckenheim<\/td><\/tr><tr><td class=\"has-text-align-center\" data-align=\"center\">15.11.<\/td><td class=\"has-text-align-center\" data-align=\"center\">11:15<\/td><td class=\"has-text-align-left\" data-align=\"left\">Volkstrauertag<\/td><td class=\"has-text-align-left\" data-align=\"left\">Friedhof Meckenheim<\/td><\/tr><tr><td class=\"has-text-align-center\" data-align=\"center\">21.11.<\/td><td class=\"has-text-align-center\" data-align=\"center\">19:00<\/td><td class=\"has-text-align-left\" data-align=\"left\">Jahreskonzert<\/td><td class=\"has-text-align-left\" data-align=\"left\">Turnhalle Meckenheim<\/td><\/tr><tr><td class=\"has-text-align-center\" data-align=\"center\">29.11.<\/td><td class=\"has-text-align-center\" data-align=\"center\"><\/td><td class=\"has-text-align-left\" data-align=\"left\">Weihnachtsmarkt Ellerstadt<\/td><td class=\"has-text-align-left\" data-align=\"left\">Ratstra\u00dfe<\/td><\/tr><tr><td class=\"has-text-align-center\" data-align=\"center\">05.12.<\/td><td class=\"has-text-align-center\" data-align=\"center\">19:00<\/td><td class=\"has-text-align-left\" data-align=\"left\">Weihnachtsmarkt Meckenheim<\/td><td class=\"has-text-align-left\" data-align=\"left\">Dorfplatz<\/td><\/tr><tr><td class=\"has-text-align-center\" data-align=\"center\">13.12.<\/td><td class=\"has-text-align-center\" data-align=\"center\">17:00<\/td><td class=\"has-text-align-left\" data-align=\"left\">Adventsingen<\/td><td class=\"has-text-align-left\" data-align=\"left\">Katholische Kirche Meckenheim<\/td><\/tr><\/tbody><\/table><\/figure>\n<\/div>\n<\/div>\n","protected":false},"excerpt":{"rendered":"<p>Datum Zeit Veranstaltung Ort 01.05. 11:00 Fr\u00fchschoppenkonzert beim Jubil\u00e4um der FW Meckenheim Flakhalle 10.05. Teilnahme am Jubil\u00e4umsumzugdes kath. Musikvereins Hochdorf 29.05. &#8211; 01.06. G\u00e4sselkerwe Weingut Braun 31.05. 11:30 Fr\u00fchschoppenkonzert Weingut Braun 06.09. 11:30 Weingut Braun Sportplatz 12.09. &#8211; 13.09. Herbstausschank Weingut Braun 13.09. 11:30 Fr\u00fchschoppenkonzert Weingut Braun 11.11. 18:00 St. Martin Umzug Feuerwehr Meckenheim 15.11. [&hellip;]<\/p>\n","protected":false},"author":2,"featured_media":0,"parent":0,"menu_order":0,"comment_status":"closed","ping_status":"closed","template":"","meta":[],"_links":{"self":[{"href":"https:\/\/www.blasorchester-meckenheim.de\/index.php?rest_route=\/wp\/v2\/pages\/65"}],"collection":[{"href":"https:\/\/www.blasorchester-meckenheim.de\/index.php?rest_route=\/wp\/v2\/pages"}],"about":[{"href":"https:\/\/www.blasorchester-meckenheim.de\/index.php?rest_route=\/wp\/v2\/types\/page"}],"author":[{"embeddable":true,"href":"https:\/\/www.blasorchester-meckenheim.de\/index.php?rest_route=\/wp\/v2\/users\/2"}],"replies":[{"embeddable":true,"href":"https:\/\/www.blasorchester-meckenheim.de\/index.php?rest_route=%2Fwp%2Fv2%2Fcomments&post=65"}],"version-history":[{"count":36,"href":"https:\/\/www.blasorchester-meckenheim.de\/index.php?rest_route=\/wp\/v2\/pages\/65\/revisions"}],"predecessor-version":[{"id":395,"href":"https:\/\/www.blasorchester-meckenheim.de\/index.php?rest_route=\/wp\/v2\/pages\/65\/revisions\/395"}],"wp:attachment":[{"href":"https:\/\/www.blasorchester-meckenheim.de\/index.php?rest_route=%2Fwp%2Fv2%2Fmedia&parent=65"}],"curies":[{"name":"wp","href":"https:\/\/api.w.org\/{rel}","templated":true}]}}